{"id":67,"date":"2014-10-01T19:35:48","date_gmt":"2014-10-01T19:35:48","guid":{"rendered":"http:\/\/art-design-driehsen.de\/MeineSeite2\/wordpress\/?page_id=67"},"modified":"2024-07-12T12:28:08","modified_gmt":"2024-07-12T12:28:08","slug":"biografie","status":"publish","type":"page","link":"https:\/\/www.art-design-driehsen.de\/?page_id=67","title":{"rendered":"Biografie"},"content":{"rendered":"<p><img loading=\"lazy\" decoding=\"async\" data-attachment-id=\"146\" data-permalink=\"https:\/\/www.art-design-driehsen.de\/?attachment_id=146\" data-orig-file=\"https:\/\/www.art-design-driehsen.de\/wp-content\/uploads\/2014\/10\/ElkeProfil.jpg\" data-orig-size=\"2448,3264\" data-comments-opened=\"0\" data-image-meta=\"{&quot;aperture&quot;:&quot;2.6&quot;,&quot;credit&quot;:&quot;&quot;,&quot;camera&quot;:&quot;GT-I9300&quot;,&quot;caption&quot;:&quot;&quot;,&quot;created_timestamp&quot;:&quot;1412522879&quot;,&quot;copyright&quot;:&quot;&quot;,&quot;focal_length&quot;:&quot;0&quot;,&quot;iso&quot;:&quot;100&quot;,&quot;shutter_speed&quot;:&quot;0.02&quot;,&quot;title&quot;:&quot;&quot;,&quot;orientation&quot;:&quot;1&quot;}\" data-image-title=\"ElkeProfil\" data-image-description=\"\" data-image-caption=\"\" data-medium-file=\"https:\/\/www.art-design-driehsen.de\/wp-content\/uploads\/2014\/10\/ElkeProfil-225x300.jpg\" data-large-file=\"https:\/\/www.art-design-driehsen.de\/wp-content\/uploads\/2014\/10\/ElkeProfil-768x1024.jpg\" class=\"wp-image-146 aligncenter\" src=\"http:\/\/www.art-design-driehsen.de\/wp-content\/uploads\/2014\/10\/ElkeProfil-225x300.jpg\" alt=\"ElkeProfil\" width=\"255\" height=\"340\" srcset=\"https:\/\/www.art-design-driehsen.de\/wp-content\/uploads\/2014\/10\/ElkeProfil-225x300.jpg 225w, https:\/\/www.art-design-driehsen.de\/wp-content\/uploads\/2014\/10\/ElkeProfil-768x1024.jpg 768w\" sizes=\"auto, (max-width: 255px) 100vw, 255px\" \/><\/p>\n<p><strong>K\u00fcnstlerin: Elke Driehsen (* 1960)<\/strong><\/p>\n<p>Kunst in jeder Form hatte schon immer einen wichtigen Stellenwert in meinem Leben. Bereits in fr\u00fchen Jahren und sp\u00e4ter auch durch meine selbstst\u00e4ndige T\u00e4tigkeit als Grafikerin und Fotografin ist das Malen f\u00fcr mich zu einer faszinierenden Passion geworden. Die Kunst ist meine Leidenschaft und zugleich eine Herausforderung. Ich bin stetig auf der Suche nach M\u00f6glichkeiten der k\u00fcnstlerischen Umsetzung meiner visuellen Wahrnehmungen. St\u00e4ndig versp\u00fcre ich das Verlangen zu Malen und versinke vollkommen in meiner Arbeit, vergesse Raum und Zeit.<\/p>\n<p style=\"font-family: Calibri; font-size: medium; text-align: left;\"><em><strong>K\u00fcnstlerischer Werdegang:<\/strong><\/em><\/p>\n<p style=\"font-family: Calibri; font-size: small;\">2023: Mitglied Haus erLebenskunst Ramsthal<\/p>\n<p style=\"font-family: Calibri; font-size: small;\">November 2018: Plakatmotiv &#8222;Orange&#8220; zum Thema &#8222;Aufgetischt&#8220; f\u00fcr Kunst im Car\u00e9e, K\u00f6ln S\u00fclz\/Klettenberg<\/p>\n<p style=\"font-family: Calibri; font-size: small;\">Seit 2017 Dozentin f\u00fcr Kunst<\/p>\n<p style=\"font-family: Calibri; font-size: small;\">Dezember 2017: In der Auswahlkommission f\u00fcr die Ausstellung Schloss Pfaffendorf, Kreis Bergheim<\/p>\n<p style=\"font-family: Calibri; font-size: small;\">2016 &#8211; 2017: Dozentin f\u00fcr Kunst im Verein: &#8222;\u00c4lterwerden in Euskirchen&#8220;<\/p>\n<p style=\"font-family: Calibri; font-size: small;\">2016 &#8211; 2019: Mitglied in der Arbeitsgemeinschaft H\u00fcrther K\u00fcnstler<\/p>\n<p style=\"font-family: Calibri; font-size: small;\">2015 &#8211; 2019: Gr\u00fcndungsmitglied der K\u00fcnstlergruppe: &#8222;Kaleido&#8220;<\/p>\n<p style=\"font-family: Calibri; font-size: small;\">2015 &#8211; 2019: Mitglied im Kunstforum&#8217;99, Rheinbach<\/p>\n<p style=\"font-family: Calibri; font-size: small;\">2013 \u2013 2014: Meisterstudium an der freien Kunstschule K\u00f6ln, bei Lucian Drenea (zwei Semester)<\/p>\n<p style=\"font-family: Calibri; font-size: small;\">2011 \u2013 2013: Studium an der freien Kunstschule, K\u00f6ln, Fachrichtung Malerei (vier Semester)<\/p>\n<p style=\"font-family: Calibri; font-size: small; padding-left: 90px;\">-&gt; Pr\u00fcfung und Abschluss mit Diplom<\/p>\n<p style=\"font-family: Calibri; font-size: small; text-align: left;\">2010 \u2013 2011: Trimester an der freien Kunstschule K\u00f6ln<\/p>\n<p style=\"font-family: Calibri; font-size: small; text-align: left;\">1994 \u2013 2010:\u00a0\u00a0 selbstst\u00e4ndig (Grafik und Fotografie)<\/p>\n<p style=\"font-family: Calibri; font-size: medium;\"><strong><em>Ausstellungen:<\/em><\/strong><\/p>\n<p style=\"font-family: Calibri; font-size: small;\">2024: ZG Kulturraum K\u00f6ln &#8211; Braunsfeld<\/p>\n<p style=\"font-family: Calibri; font-size: small;\">2023: Winzergenossenschaft DIVINO, Nordheim am Main<\/p>\n<p style=\"font-family: Calibri; font-size: small;\">2022: ZG Kulturraum K\u00f6ln &#8211; Braunsfeld<\/p>\n<p style=\"font-family: Calibri; font-size: small;\">2021: Bad Neustadt Kunstverein, Gemeinschaftsausstellung Kunst KG<\/p>\n<p style=\"font-family: Calibri; font-size: small;\">2021: Meininger Kunstorte, Schlo\u00dfpark Meiningen<\/p>\n<p style=\"font-family: Calibri; font-size: small;\">2020: Ausstellung zur Malaktion, Museum Kulturspeicher W\u00fcrzburg<\/p>\n<p style=\"font-family: Calibri; font-size: small;\">2019: KissVino Vinothek, Bad Kissingen<\/p>\n<p style=\"font-family: Calibri; font-size: small;\">2019: Kunstwoche Ramsthal<\/p>\n<p style=\"font-family: Calibri; font-size: small;\">2018: Kunst im Carr\u00e9e, K\u00f6ln S\u00fclz\/Klettenberg<\/p>\n<p style=\"font-family: Calibri; font-size: small;\">2018: Kreishaus Bergheim, Gemeinschaftsausstellung AHK<\/p>\n<p style=\"font-family: Calibri; font-size: small;\">2018: B\u00fcrgerhaus H\u00fcrth, Gemeinschaftsausstellung AHK<\/p>\n<p style=\"font-family: Calibri; font-size: small;\">2017: Glaspavillon Rheinbach, K\u00fcnstlergruppe: Kaleido<\/p>\n<p style=\"font-family: Calibri; font-size: small;\">2017: Winzergenossenschaft DIVINO, Nordheim am Main<\/p>\n<p style=\"font-family: Calibri; font-size: small;\">2017: Gewinnerin Kunstwettbewerb, Open Air Galerie, Stadtkern Bad M\u00fcnstereifel<\/p>\n<p style=\"font-family: Calibri; font-size: small;\">2017: Galerie Art Caf\u00e9, K\u00f6ln<\/p>\n<p style=\"font-family: Calibri; font-size: small;\">2017: ARTraum MoSiMo Galerie, Rees (Niederrhein)<\/p>\n<p style=\"font-family: Calibri; font-size: small;\">2016: Galerie Art Caf\u00e9, K\u00f6ln<\/p>\n<p style=\"font-family: Calibri; font-size: small;\">2016: Offenes Atellier<\/p>\n<p style=\"font-family: Calibri; font-size: small;\">2016: KunstForumEifel, Gem\u00fcnd<\/p>\n<p style=\"font-family: Calibri; font-size: small;\">2016: Amtsgericht Rheinbach<\/p>\n<p style=\"font-family: Calibri; font-size: small;\">2015: Kunstmeile-Rheinbach<\/p>\n<p style=\"font-family: Calibri; font-size: small;\">2015: Rathaus Weilerswist<\/p>\n<p style=\"font-family: Calibri; font-size: small;\">2014: Freie Kunstschule K\u00f6ln<\/p>\n<p style=\"font-family: Calibri; font-size: small;\">2013: Freie Kunstschule K\u00f6ln<\/p>\n<p style=\"font-family: Calibri; font-size: medium;\"><em><strong>Weiterbildungen:<\/strong><\/em><\/p>\n<p style=\"font-family: Calibri; font-size: small;\">Online Seminar Nov. 2023: Dozent: Axel Pl\u00f6ger, Detmold<\/p>\n<p style=\"font-family: Calibri; font-size: small;\">Online Workshop Febr. 2021: Dozentin: Sonja Neumann, Dortmund<\/p>\n<p style=\"font-family: Calibri; font-size: small;\">Online-Workshop Mai 2020: Dozentin: Ilona Griss-Schw\u00e4rzler, \u00d6sterreich<\/p>\n<p style=\"font-family: Calibri; font-size: small;\">Workshop August 2019: Aschau im Chiemgau, Dozent: Franz Schwarz, Moers<\/p>\n<p style=\"font-family: Calibri; font-size: small;\">Workshop August 2018: Kunstakademie Heimbach, Dozent: Wolf Bertram Becker, Weimar<\/p>\n<p style=\"font-family: Calibri; font-size: small;\">Workshop August 2017: K\u00f6ln, Kursleitung: Junus Karimow, Asbach<\/p>\n<p style=\"font-family: Calibri; font-size: small;\">Seminar 2016: Akademie der bildenden K\u00fcnste, Kolbermoor, Dozent: VOKA, \u00d6sterreich<\/p>\n<p style=\"font-family: Calibri; font-size: small;\">Workshop 2016: Kunstakademie Heimbach, Dozentin: Prof. Gerlinde Gschwendtner, Graz \/ \u00d6sterreich<\/p>\n<p style=\"font-family: Calibri; font-size: small;\">Workshop 2015: Bildungshaus Zeppelin, in Goslar, Dozent: G\u00e9rard Walther, Hamburg<\/p>\n<p style=\"font-family: Calibri; font-size: small;\">Seminar 2014: PR Ma\u00dfnahmen und Selbstmarketing, freie Akademie der bildenden K\u00fcnste, Essen<\/p>\n<p style=\"font-family: Calibri; font-size: small;\">Workshop 2014: Kunstakademie Heimbach, Dozent: Antonio Nu\u00f1ez<\/p>\n<p style=\"font-family: Calibri; font-size: small;\">Workshop 2008: Meisenheim, Dozentin: Monika Olma<\/p>\n<p style=\"font-family: Calibri; font-size: small;\">Workshop 2007: Schweinfurt, Dozentin: Isolde Folger<\/p>\n<p style=\"font-family: Calibri; font-size: small;\"><strong>Die K\u00fcnstlerin lebt und arbeitet in Bad Kissingen<br \/>\n<\/strong><\/p>\n","protected":false},"excerpt":{"rendered":"<p>K\u00fcnstlerin: Elke Driehsen (* 1960) Kunst in jeder Form hatte schon immer einen wichtigen Stellenwert in meinem Leben. Bereits in fr\u00fchen Jahren und sp\u00e4ter auch durch meine selbstst\u00e4ndige T\u00e4tigkeit als Grafikerin und Fotografin ist das Malen f\u00fcr mich zu einer faszinierenden Passion geworden. Die Kunst ist meine Leidenschaft und zugleich eine Herausforderung. Ich bin stetig [&hellip;]<\/p>\n","protected":false},"author":2,"featured_media":0,"parent":0,"menu_order":5,"comment_status":"closed","ping_status":"closed","template":"","meta":{"_exactmetrics_skip_tracking":false,"_exactmetrics_sitenote_active":false,"_exactmetrics_sitenote_note":"","_exactmetrics_sitenote_category":0,"jetpack_post_was_ever_published":false,"footnotes":""},"tags":[],"class_list":["post-67","page","type-page","status-publish","hentry"],"jetpack_sharing_enabled":true,"jetpack_shortlink":"https:\/\/wp.me\/P9LTpv-15","jetpack_likes_enabled":true,"jetpack-related-posts":[],"_links":{"self":[{"href":"https:\/\/www.art-design-driehsen.de\/index.php?rest_route=\/wp\/v2\/pages\/67","targetHints":{"allow":["GET"]}}],"collection":[{"href":"https:\/\/www.art-design-driehsen.de\/index.php?rest_route=\/wp\/v2\/pages"}],"about":[{"href":"https:\/\/www.art-design-driehsen.de\/index.php?rest_route=\/wp\/v2\/types\/page"}],"author":[{"embeddable":true,"href":"https:\/\/www.art-design-driehsen.de\/index.php?rest_route=\/wp\/v2\/users\/2"}],"replies":[{"embeddable":true,"href":"https:\/\/www.art-design-driehsen.de\/index.php?rest_route=%2Fwp%2Fv2%2Fcomments&post=67"}],"version-history":[{"count":0,"href":"https:\/\/www.art-design-driehsen.de\/index.php?rest_route=\/wp\/v2\/pages\/67\/revisions"}],"wp:attachment":[{"href":"https:\/\/www.art-design-driehsen.de\/index.php?rest_route=%2Fwp%2Fv2%2Fmedia&parent=67"}],"wp:term":[{"taxonomy":"post_tag","embeddable":true,"href":"https:\/\/www.art-design-driehsen.de\/index.php?rest_route=%2Fwp%2Fv2%2Ftags&post=67"}],"curies":[{"name":"wp","href":"https:\/\/api.w.org\/{rel}","templated":true}]}}